{"id":14,"date":"2014-06-10T09:02:41","date_gmt":"2014-06-10T08:02:41","guid":{"rendered":"http:\/\/www.alaintouboulvoiceschool.com\/?page_id=14"},"modified":"2015-08-19T16:58:24","modified_gmt":"2015-08-19T15:58:24","slug":"alain-touboul-de-leducation-a-la-scene","status":"publish","type":"page","link":"http:\/\/www.alaintouboulvoiceschool.com\/?page_id=14","title":{"rendered":"De l&rsquo;\u00e9ducation \u00e0 la sc\u00e8ne"},"content":{"rendered":"<p><a href=\"http:\/\/www.alaintouboulvoiceschool.com\/wp-content\/uploads\/2014\/06\/MG_3722.jpg\"><img loading=\"lazy\" decoding=\"async\" class=\"alignright size-medium wp-image-66\" src=\"http:\/\/www.alaintouboulvoiceschool.com\/wp-content\/uploads\/2014\/06\/MG_3722-300x200.jpg\" alt=\"_MG_3722\" width=\"300\" height=\"200\" srcset=\"http:\/\/www.alaintouboulvoiceschool.com\/wp-content\/uploads\/2014\/06\/MG_3722-300x200.jpg 300w, http:\/\/www.alaintouboulvoiceschool.com\/wp-content\/uploads\/2014\/06\/MG_3722-1024x682.jpg 1024w, http:\/\/www.alaintouboulvoiceschool.com\/wp-content\/uploads\/2014\/06\/MG_3722-624x416.jpg 624w\" sizes=\"auto, (max-width: 300px) 100vw, 300px\" \/><\/a><strong>Alain Touboul se consacre \u00e0 la musique sous toutes ses formes.<br \/>\n<\/strong><\/p>\n<p>D\u00e9s 1995 Alain Touboul met en oeuvre son projet artistique: \u00ab\u00a0From Song to Opera, une voix des voix, de la Chanson \u00e0 l&rsquo;Op\u00e9ra\u00a0\u00bb gr\u00e2ce \u00e0 la \u00ab\u00a0TECHNIQUE VOCALE MOBILE\u00a0\u00bb\u00a0 avec laquelle il propose \u00e0 ses \u00e9l\u00e8ves de chanter les r\u00e9pertoires les plus divers.<\/p>\n<p><strong>Aujourd&rsquo;hui :<\/strong><br \/>\nAu sein\u00a0 de l&rsquo; ATVS et du centre de formation vocale\u00a0ABC d&rsquo;airs il enseigne le chant et au moyen de la TVM donne\u00a0 la possibilit\u00e9 \u00e0 ses \u00e9l\u00e8ves de chanter diff\u00e9rents genres musicaux.<br \/>\nIl anime des stages de musique, de p\u00e9dagogie vocale, de formation professionnelle et de d\u00e9veloppement personnel.<br \/>\nDans le cadre du Cercle Musical Europ\u00e9en il con\u00e7oit et participe \u00e0 de nombreux projets artistiques, \u00e9ducatifs et musicaux :\u00a0concerts, conf\u00e9rences, congr\u00e8s, enregistrements, festivals et stages de musique en France et \u00e0 l&rsquo;\u00e9tranger.<\/p>\n<p><strong>Auparavant :<\/strong><br \/>\nD\u00e8s l&rsquo;\u00e2ge de seize ans il chante sur sc\u00e8ne les r\u00e9pertoires qui vont de la chanson \u00e0 l&rsquo; op\u00e9ra, du XVIe\u00a0 au XXIe si\u00e8cle. Comme chanteur ou guitariste, il se produit sur sc\u00e8ne : seul, en groupe ou en duo (de guitares, fl\u00fbte et guitare, violon et guitare, guitare et voix, guitare et orchestre \u00e0 cordes, voix et piano, voix et diverses formations musicales, voix et orchestre).<\/p>\n<p>Il se forme aux m\u00e9thodes actives d&rsquo; \u00e9ducation musicale (Martenot, Orff, Willems), \u00e9tudie la guitare classique et assiste \u00e0 des s\u00e9minaires de direction d&rsquo; orchestre avec Sergiu Celibidache \u00e0 Munich en Allemagne et \u00e0 la Schola Cantorum \u00e0 Paris.<\/p>\n<p>Apr\u00e8s avoir \u00e9t\u00e9 directeur de centres \u00e9ducatifs et p\u00e9dagogiques, \u00e9ducateur musical, professeur de guitare, Alain Touboul cr\u00e9e l&rsquo;ATVS en 1990 et enseigne le chant. Il apprend beaucoup sur la technique vocale en travaillant ou en conversant aupr\u00e8s de ma\u00eetres Italiens tels que : Valdomiro Badiali, Ettore Campogalliani et Marcello Del Monaco.Il \u00e9difie sa p\u00e9dagogie vocale\u00a0 \u00e0 partir de ses influences italiennes et de ses\u00a0 recherches\u00a0 sur les diff\u00e9rents types de techniques vocales. Gr\u00e2ce \u00e0 Carla Lauri-Volpi il d\u00e9couvre l&rsquo; univers du t\u00e9nor Giacomo Lauri-Volpi. Il travaille ponctuellement avec Angelo Loforese et Pier Miranda Ferraro \u00e0 Milan, ainsi qu&rsquo; avec Maurice Brach \u00e0 Paris.<\/p>\n","protected":false},"excerpt":{"rendered":"<p>Alain Touboul se consacre \u00e0 la musique sous toutes ses formes. D\u00e9s 1995 Alain Touboul met en oeuvre son projet artistique: \u00ab\u00a0From Song to Opera, une voix des voix, de la Chanson \u00e0 l&rsquo;Op\u00e9ra\u00a0\u00bb gr\u00e2ce \u00e0 la \u00ab\u00a0TECHNIQUE VOCALE MOBILE\u00a0\u00bb\u00a0 avec laquelle il propose \u00e0 ses \u00e9l\u00e8ves de chanter les r\u00e9pertoires les plus divers. Aujourd&rsquo;hui [&hellip;]<\/p>\n","protected":false},"author":1,"featured_media":0,"parent":0,"menu_order":0,"comment_status":"closed","ping_status":"open","template":"page-templates\/full-width.php","meta":{"footnotes":""},"class_list":["post-14","page","type-page","status-publish","hentry"],"_links":{"self":[{"href":"http:\/\/www.alaintouboulvoiceschool.com\/index.php?rest_route=\/wp\/v2\/pages\/14","targetHints":{"allow":["GET"]}}],"collection":[{"href":"http:\/\/www.alaintouboulvoiceschool.com\/index.php?rest_route=\/wp\/v2\/pages"}],"about":[{"href":"http:\/\/www.alaintouboulvoiceschool.com\/index.php?rest_route=\/wp\/v2\/types\/page"}],"author":[{"embeddable":true,"href":"http:\/\/www.alaintouboulvoiceschool.com\/index.php?rest_route=\/wp\/v2\/users\/1"}],"replies":[{"embeddable":true,"href":"http:\/\/www.alaintouboulvoiceschool.com\/index.php?rest_route=%2Fwp%2Fv2%2Fcomments&post=14"}],"version-history":[{"count":21,"href":"http:\/\/www.alaintouboulvoiceschool.com\/index.php?rest_route=\/wp\/v2\/pages\/14\/revisions"}],"predecessor-version":[{"id":221,"href":"http:\/\/www.alaintouboulvoiceschool.com\/index.php?rest_route=\/wp\/v2\/pages\/14\/revisions\/221"}],"wp:attachment":[{"href":"http:\/\/www.alaintouboulvoiceschool.com\/index.php?rest_route=%2Fwp%2Fv2%2Fmedia&parent=14"}],"curies":[{"name":"wp","href":"https:\/\/api.w.org\/{rel}","templated":true}]}}